{"id":1747,"date":"2021-03-12T18:06:28","date_gmt":"2021-03-12T17:06:28","guid":{"rendered":"https:\/\/cas-jura.ch\/?page_id=1747"},"modified":"2026-01-05T10:01:25","modified_gmt":"2026-01-05T09:01:25","slug":"a-la-rencontre-du-comite","status":"publish","type":"page","link":"https:\/\/cas-jura.ch\/?page_id=1747","title":{"rendered":"\u00c0 la rencontre du comit\u00e9"},"content":{"rendered":"\n<figure class=\"wp-block-table is-style-stripes\"><table><tbody><tr><td><img loading=\"lazy\" decoding=\"async\" width=\"300\" height=\"225\" class=\"wp-image-3709\" style=\"width: 300px;\" src=\"https:\/\/cas-jura.ch\/wordpress\/wp-content\/uploads\/2024\/04\/1712672928446.jpeg\" alt=\"\" srcset=\"https:\/\/cas-jura.ch\/wordpress\/wp-content\/uploads\/2024\/04\/1712672928446.jpeg 1224w, https:\/\/cas-jura.ch\/wordpress\/wp-content\/uploads\/2024\/04\/1712672928446-300x225.jpeg 300w, https:\/\/cas-jura.ch\/wordpress\/wp-content\/uploads\/2024\/04\/1712672928446-1024x768.jpeg 1024w, https:\/\/cas-jura.ch\/wordpress\/wp-content\/uploads\/2024\/04\/1712672928446-768x576.jpeg 768w\" sizes=\"auto, (max-width: 300px) 100vw, 300px\" \/><\/td><td><\/td><td><\/td><td><\/td><td><strong>Emilien Hertzeisen&nbsp;<\/strong>\u2013 Courfaivre<br><br><strong>Ma mission au sein du comit\u00e9&nbsp;:&nbsp;<\/strong>Pr\u00e9sident<br><br><strong>Mes activit\u00e9s favorites au CAS&nbsp;:&nbsp;<\/strong>Escalade, via Ferrata et alpinisme<br><strong><br>Mon engagement au comit\u00e9&nbsp;:&nbsp;<\/strong>Pratiquant l&rsquo;escalade dans le Jura, j&rsquo;ai adh\u00e9r\u00e9 au club alpin pour soutenir cette association qui entretien les sites d&rsquo;escalades de la r\u00e9gion. Suite \u00e0 celui, j&rsquo;ai particip\u00e9 \u00e0 diverses initiations et activit\u00e9s organis\u00e9es par le club. Voulant m&rsquo;investir encore plus pour un club qui me permet de pratiquer les activit\u00e9s que j&rsquo;aime, j&rsquo;ai d\u00e9cid\u00e9 de rejoindre le comit\u00e9.<\/td><\/tr><tr><td><\/td><td><\/td><td><\/td><td><\/td><td><\/td><\/tr><tr><td><img loading=\"lazy\" decoding=\"async\" width=\"300\" height=\"329\" class=\"wp-image-2560\" style=\"width: 300px;\" src=\"https:\/\/cas-jura.ch\/wordpress\/wp-content\/uploads\/2022\/12\/xa.jpeg\" alt=\"\" srcset=\"https:\/\/cas-jura.ch\/wordpress\/wp-content\/uploads\/2022\/12\/xa.jpeg 933w, https:\/\/cas-jura.ch\/wordpress\/wp-content\/uploads\/2022\/12\/xa-273x300.jpeg 273w, https:\/\/cas-jura.ch\/wordpress\/wp-content\/uploads\/2022\/12\/xa-768x843.jpeg 768w\" sizes=\"auto, (max-width: 300px) 100vw, 300px\" \/><\/td><td><\/td><td><\/td><td><\/td><td><strong>Xavier B\u00e9dat<\/strong> &#8211; Cornol<strong><br><br>Ma mission au sein du comit\u00e9&nbsp;: <\/strong>Vice-pr\u00e9sident<strong><br><br>Mes activit\u00e9s favorites au CAS&nbsp;: <\/strong>Ski de randonn\u00e9e \/ randonn\u00e9es en moyenne montagne<strong><br><br>Mon engagement au comit\u00e9&nbsp;: <\/strong>Je m\u2019engage parce que j\u2019adh\u00e8re aux valeurs v\u00e9hicul\u00e9es par le Club Alpin et que je suis convaincu de l\u2019importance de la vie associative dans notre soci\u00e9t\u00e9.<\/td><\/tr><tr><td><\/td><td><\/td><td><\/td><td><\/td><td><\/td><\/tr><tr><td><img decoding=\"async\" src=\"https:\/\/cas-jura.ch\/wordpress\/wp-content\/uploads\/2023\/03\/corinne-998x1024.jpg\" alt=\"\"><\/td><td><\/td><td><\/td><td><\/td><td><strong>Corinne Allimann<\/strong> &#8211; Courroux<br><br><strong>Ma mission au sein du comit\u00e9&nbsp;:<\/strong> Pr\u00e9pos\u00e9e aux courses<br><br><strong>Mes activit\u00e9s favorites au CAS&nbsp;:<\/strong> Rando moyenne montagne, ski de rando<br><br><strong>Mon engagement au comit\u00e9&nbsp;:<\/strong> Apr\u00e8s avoir \u00e9t\u00e9 monitrice et membre du comit\u00e9 de la gym de Courroux, j\u2019ai accept\u00e9 maintenant de rejoindre le comit\u00e9 du CAS Jura.<br>Comme le club et ses membres m\u2019ont d\u00e9j\u00e0 apport\u00e9 beaucoup de joies lors de diverses activit\u00e9s, je voulais rendre la pareille en investissant un peu de mon temps comme cheffe de course et au comit\u00e9.<\/td><\/tr><tr><td><\/td><td><\/td><td><\/td><td><\/td><td><\/td><\/tr><tr><td><img loading=\"lazy\" decoding=\"async\" width=\"600\" height=\"600\" class=\"wp-image-2684\" style=\"width: 600px;\" src=\"https:\/\/cas-jura.ch\/wordpress\/wp-content\/uploads\/2023\/01\/HBCE1500.jpg\" alt=\"\" srcset=\"https:\/\/cas-jura.ch\/wordpress\/wp-content\/uploads\/2023\/01\/HBCE1500.jpg 1298w, https:\/\/cas-jura.ch\/wordpress\/wp-content\/uploads\/2023\/01\/HBCE1500-300x300.jpg 300w, https:\/\/cas-jura.ch\/wordpress\/wp-content\/uploads\/2023\/01\/HBCE1500-1024x1024.jpg 1024w, https:\/\/cas-jura.ch\/wordpress\/wp-content\/uploads\/2023\/01\/HBCE1500-150x150.jpg 150w, https:\/\/cas-jura.ch\/wordpress\/wp-content\/uploads\/2023\/01\/HBCE1500-768x768.jpg 768w\" sizes=\"auto, (max-width: 600px) 100vw, 600px\" \/><\/td><td><\/td><td><\/td><td><\/td><td><strong><strong>Sandrine Crelier<\/strong> <\/strong>&#8211; Porrentruy<strong><strong><br><br>Ma mission au sein du comit\u00e9&nbsp;: <\/strong><\/strong>Gestion de la documentation et annonces<strong><strong><br><br>Mes activit\u00e9s favorites au CAS&nbsp;: <\/strong><\/strong>Randonn\u00e9e MM, ski de randonn\u00e9e et l\u2019irr\u00e9sistible besoin d\u2019en apprendre toujours plus (escalade et alpi)<strong><strong><br><br>Mon engagement au comit\u00e9&nbsp;: <\/strong><\/strong>Un peu tout naturellement, en participant \u00e0 diverses activit\u00e9s, des rencontres sympathiques, un club dynamique, l\u2019envie de contribuer un peu et ne pas juste b\u00e9n\u00e9ficier.<\/td><\/tr><tr><td><\/td><td><\/td><td><\/td><td><\/td><td><\/td><\/tr><tr><td><img loading=\"lazy\" decoding=\"async\" width=\"150\" height=\"264\" class=\"wp-image-3828\" style=\"width: 150px;\" src=\"https:\/\/cas-jura.ch\/wordpress\/wp-content\/uploads\/2024\/09\/PHOTO-2024-07-14-14-16-29-e1726597246751.jpg\" alt=\"\" srcset=\"https:\/\/cas-jura.ch\/wordpress\/wp-content\/uploads\/2024\/09\/PHOTO-2024-07-14-14-16-29-e1726597246751.jpg 549w, https:\/\/cas-jura.ch\/wordpress\/wp-content\/uploads\/2024\/09\/PHOTO-2024-07-14-14-16-29-e1726597246751-170x300.jpg 170w\" sizes=\"auto, (max-width: 150px) 100vw, 150px\" \/><\/td><td><\/td><td><\/td><td><\/td><td><strong>Jean-Michel Gigon<\/strong>&nbsp;\u2013 Porrentruy<strong><br><br><strong>Ma mission au sein du comit\u00e9&nbsp;:<\/strong>&nbsp;<\/strong>Caissier<strong><br><br><strong>Mes activit\u00e9s favorites au CAS&nbsp;:<\/strong>&nbsp;<\/strong>N\u2019ayant pas particip\u00e9 \u00e0 toutes les activit\u00e9s, la rando \u00e0 ski et l\u2019initiation \u00e0 la haute montagne m\u2019ont permis de d\u00e9couvrir des personnes merveilleuses, et ce sont les rencontres qui sont les meilleurs moments au CAS.<strong><br><br><strong>Mon engagement au comit\u00e9&nbsp;:<\/strong>&nbsp;<\/strong>On m\u2019a demand\u00e9 et j\u2019ai accept\u00e9 !<\/td><\/tr><tr><td><img loading=\"lazy\" decoding=\"async\" width=\"150\" height=\"200\" class=\"wp-image-5131\" style=\"width: 150px;\" src=\"https:\/\/cas-jura.ch\/wordpress\/wp-content\/uploads\/2025\/12\/Image1.jpg\" alt=\"\" srcset=\"https:\/\/cas-jura.ch\/wordpress\/wp-content\/uploads\/2025\/12\/Image1.jpg 717w, https:\/\/cas-jura.ch\/wordpress\/wp-content\/uploads\/2025\/12\/Image1-225x300.jpg 225w\" sizes=\"auto, (max-width: 150px) 100vw, 150px\" \/><\/td><td><\/td><td><\/td><td><\/td><td><strong>Marl\u00e8ne Bandelier -Aebi <\/strong>\u2013 Chevenez<br><strong>Ma mission au sein du comit\u00e9\u00a0:<\/strong> \u00e9dition du JurAlpes<br><strong>Mes activit\u00e9s favorites au CAS\u00a0: <\/strong>Alpinisme en chaussures de marche ou \u00e0 ski\u00a0 escalade et jass.<br><strong>Mon engagement au comit\u00e9\u00a0: <\/strong>apr\u00e8s\/ avec les enfants j\u2019avais besoin de m\u2019investir dans un club de la r\u00e9gion pour contribuer \u00e0 la p\u00e9rennit\u00e9 dudit club. L\u2019envie aussi de rencontrer de nouvelles personnes et de relever un nouveau d\u00e9fi\u00a0!<\/td><\/tr><tr><td><\/td><td><\/td><td><\/td><td><\/td><td><\/td><\/tr><tr><td><img loading=\"lazy\" decoding=\"async\" width=\"150\" height=\"200\" class=\"wp-image-3713\" style=\"width: 150px;\" src=\"https:\/\/cas-jura.ch\/wordpress\/wp-content\/uploads\/2024\/04\/thumbnail_IMG_0478.jpg\" alt=\"\" srcset=\"https:\/\/cas-jura.ch\/wordpress\/wp-content\/uploads\/2024\/04\/thumbnail_IMG_0478.jpg 1440w, https:\/\/cas-jura.ch\/wordpress\/wp-content\/uploads\/2024\/04\/thumbnail_IMG_0478-225x300.jpg 225w, https:\/\/cas-jura.ch\/wordpress\/wp-content\/uploads\/2024\/04\/thumbnail_IMG_0478-768x1024.jpg 768w, https:\/\/cas-jura.ch\/wordpress\/wp-content\/uploads\/2024\/04\/thumbnail_IMG_0478-1152x1536.jpg 1152w, https:\/\/cas-jura.ch\/wordpress\/wp-content\/uploads\/2024\/04\/thumbnail_IMG_0478-900x1200.jpg 900w\" sizes=\"auto, (max-width: 150px) 100vw, 150px\" \/><\/td><td><\/td><td><\/td><td><\/td><td><strong>Lo\u00efc Theubet <\/strong>&#8211; Porrentruy<strong><strong><br><br>Ma mission au sein du comit\u00e9&nbsp;: <\/strong><\/strong>Communication et site internet<strong><strong><br><br>Mes activit\u00e9s favorites au CAS&nbsp;: <\/strong><\/strong>Randonn\u00e9e \u00e0 ski et alpinisme<strong><strong><br><br>Mon engagement au comit\u00e9&nbsp;:  <\/strong><\/strong>Je suis heureux de pouvoir contribuer au bon fonctionnement du CAS, car il m&rsquo;a beaucoup apport\u00e9, que ce soit en termes de connaissances, rencontres ou m\u00eame la d\u00e9couverte de passion.<\/td><\/tr><\/tbody><\/table><\/figure>\n","protected":false},"excerpt":{"rendered":"<p>Emilien Hertzeisen&nbsp;\u2013 Courfaivre Ma mission au sein du comit\u00e9&nbsp;:&nbsp;Pr\u00e9sident Mes activit\u00e9s favorites au CAS&nbsp;:&nbsp;Escalade, via Ferrata et alpinismeMon engagement au comit\u00e9&nbsp;:&nbsp;Pratiquant l&rsquo;escalade dans le Jura, &#8230;<\/p>\n","protected":false},"author":975901,"featured_media":0,"parent":0,"menu_order":0,"comment_status":"closed","ping_status":"closed","template":"","meta":{"footnotes":""},"class_list":["post-1747","page","type-page","status-publish","hentry"],"jetpack_sharing_enabled":true,"_links":{"self":[{"href":"https:\/\/cas-jura.ch\/index.php?rest_route=\/wp\/v2\/pages\/1747","targetHints":{"allow":["GET"]}}],"collection":[{"href":"https:\/\/cas-jura.ch\/index.php?rest_route=\/wp\/v2\/pages"}],"about":[{"href":"https:\/\/cas-jura.ch\/index.php?rest_route=\/wp\/v2\/types\/page"}],"author":[{"embeddable":true,"href":"https:\/\/cas-jura.ch\/index.php?rest_route=\/wp\/v2\/users\/975901"}],"replies":[{"embeddable":true,"href":"https:\/\/cas-jura.ch\/index.php?rest_route=%2Fwp%2Fv2%2Fcomments&post=1747"}],"version-history":[{"count":49,"href":"https:\/\/cas-jura.ch\/index.php?rest_route=\/wp\/v2\/pages\/1747\/revisions"}],"predecessor-version":[{"id":5132,"href":"https:\/\/cas-jura.ch\/index.php?rest_route=\/wp\/v2\/pages\/1747\/revisions\/5132"}],"wp:attachment":[{"href":"https:\/\/cas-jura.ch\/index.php?rest_route=%2Fwp%2Fv2%2Fmedia&parent=1747"}],"curies":[{"name":"wp","href":"https:\/\/api.w.org\/{rel}","templated":true}]}}