{"id":1767,"date":"2021-03-12T08:24:38","date_gmt":"2021-03-12T07:24:38","guid":{"rendered":"https:\/\/cas-jura.ch\/?page_id=1767"},"modified":"2023-10-28T15:03:53","modified_gmt":"2023-10-28T13:03:53","slug":"environnement","status":"publish","type":"page","link":"https:\/\/cas-jura.ch\/?page_id=1767","title":{"rendered":"Environnement"},"content":{"rendered":"\n<h2 class=\"wp-block-heading\">Strat\u00e9gie climatique du CAS<\/h2>\n\n\n<a href=\"https:\/\/cas-jura.ch\/wordpress\/wp-content\/uploads\/2023\/07\/CAS_Strategie_climatique_Illustration_Web.pdf\" class=\"pdfemb-viewer\" style=\"\" data-width=\"max\" data-height=\"max\" data-mobile-width=\"500\"  data-scrollbar=\"none\" data-download=\"on\" data-tracking=\"on\" data-newwindow=\"on\" data-pagetextbox=\"off\" data-scrolltotop=\"off\" data-startzoom=\"100\" data-startfpzoom=\"100\" data-toolbar=\"bottom\" data-toolbar-fixed=\"off\">CAS_Strategie_climatique_Illustration_Web<br\/><\/a>\n<p class=\"wp-block-pdfemb-pdf-embedder-viewer\"><\/p>\n\n\n\n<h2 class=\"wp-block-heading has-vivid-red-color has-text-color\">Pratiquer des sports de neige en respectant la nature et l\u2019environnement<\/h2>\n\n\n\n<h3 class=\"wp-block-heading has-black-color has-text-color\">Neuf conseils pour votre prochaine course<\/h3>\n\n\n\n<p><strong>La neige tant attendue est enfin tomb\u00e9e et les jambes nous fourmillent \u00e0 l\u2019id\u00e9e de sortir les skis ou les raquettes pour aller en montagne. Nous avons r\u00e9sum\u00e9 ici les principaux points \u00e0 avoir en t\u00eate pour pratiquer des sports de neige tout en respectant la nature et l\u2019environnement.<\/strong><\/p>\n\n\n\n<p>Quoi de plus beau que de laisser sa trace dans une pente de poudreuse? Les montagnes, magnifiques dans leur manteau d\u2019hiver, attirent beaucoup d\u2019adeptes de randonn\u00e9e \u00e0 ski et en raquettes. En m\u00eame temps, elles constituent l\u2019habitat de nombreux animaux. Pour ces derniers, l\u2019hiver est la p\u00e9riode la plus difficile de l\u2019ann\u00e9e. Lutter contre le froid et se d\u00e9placer dans la neige leur co\u00fbtent beaucoup d\u2019\u00e9nergie. La nourriture est rare et peu calorique. Lorsqu\u2019ils sont effray\u00e9s, les animaux prennent p\u00e9niblement la fuite et doivent puiser dans leurs r\u00e9serves. En hiver, il est donc particuli\u00e8rement important d\u2019\u00e9voluer en montagne en respectant la faune et d\u2019\u00e9viter autant que possible de la d\u00e9ranger. La <a href=\"https:\/\/nature-loisirs.ch\/sports-de-neige-et-respect\" target=\"_blank\" rel=\"noreferrer noopener\">campagne Sports de neige et respect<\/a> le montre aussi clairement.<\/p>\n\n\n\n<figure class=\"wp-block-image size-full\"><img loading=\"lazy\" decoding=\"async\" width=\"800\" height=\"500\" src=\"https:\/\/cas-jura.ch\/wordpress\/wp-content\/uploads\/2023\/01\/image-3.png\" alt=\"\" class=\"wp-image-2949\" srcset=\"https:\/\/cas-jura.ch\/wordpress\/wp-content\/uploads\/2023\/01\/image-3.png 800w, https:\/\/cas-jura.ch\/wordpress\/wp-content\/uploads\/2023\/01\/image-3-300x188.png 300w, https:\/\/cas-jura.ch\/wordpress\/wp-content\/uploads\/2023\/01\/image-3-768x480.png 768w\" sizes=\"auto, (max-width: 800px) 100vw, 800px\" \/><\/figure>\n\n\n\n<p>Nos activit\u00e9s hivernales ont aussi des r\u00e9percussions sur l\u2019environnement. Selon notre moyen de transport, nous lib\u00e9rons plus ou moins de CO<sub>2<\/sub>. Les sports de neige n\u00e9cessitent du mat\u00e9riel en quantit\u00e9, dont la production utilise beaucoup de ressources et engendre des \u00e9missions de carbone. Nous soutenons la population locale en achetant les produits sur place et en recourant \u00e0 ses services. En planifiant minutieusement vos courses et en adoptant des r\u00e8gles de conduite, vous pouvez contribuer consid\u00e9rablement \u00e0 une cohabitation respectueuse.<\/p>\n\n\n\n<h4 class=\"wp-block-heading\">1. Planifiez votre course et respectez les restrictions<\/h4>\n\n\n\n<figure class=\"wp-block-image aligncenter size-full is-resized\"><img loading=\"lazy\" decoding=\"async\" width=\"800\" height=\"812\" src=\"https:\/\/cas-jura.ch\/wordpress\/wp-content\/uploads\/2023\/01\/image-4.png\" alt=\"\" class=\"wp-image-2950\" style=\"width:400px;height:406px\" srcset=\"https:\/\/cas-jura.ch\/wordpress\/wp-content\/uploads\/2023\/01\/image-4.png 800w, https:\/\/cas-jura.ch\/wordpress\/wp-content\/uploads\/2023\/01\/image-4-296x300.png 296w, https:\/\/cas-jura.ch\/wordpress\/wp-content\/uploads\/2023\/01\/image-4-768x780.png 768w\" sizes=\"auto, (max-width: 800px) 100vw, 800px\" \/><\/figure>\n\n\n\n<p>Informez-vous au pr\u00e9alable sur l\u2019itin\u00e9raire (p. ex. dans le&nbsp;<a rel=\"noreferrer noopener\" href=\"https:\/\/www.sac-cas.ch\/fr\/cabanes-et-courses\/portail-des-courses-du-cas\/?discipline=ski_tour\" target=\"_blank\">Portail des courses du CAS<\/a>) et tenez compte des zones de tranquillit\u00e9 et des sites de protection de la faune lors de votre planification. Ils offrent un refuge aux animaux sauvages.<\/p>\n\n\n\n<h4 class=\"wp-block-heading\">2. Privil\u00e9giez le mat\u00e9riel durable<\/h4>\n\n\n\n<figure class=\"wp-block-image aligncenter size-full is-resized\"><img loading=\"lazy\" decoding=\"async\" width=\"800\" height=\"812\" src=\"https:\/\/cas-jura.ch\/wordpress\/wp-content\/uploads\/2023\/01\/image-5.png\" alt=\"\" class=\"wp-image-2951\" style=\"width:400px;height:406px\" srcset=\"https:\/\/cas-jura.ch\/wordpress\/wp-content\/uploads\/2023\/01\/image-5.png 800w, https:\/\/cas-jura.ch\/wordpress\/wp-content\/uploads\/2023\/01\/image-5-296x300.png 296w, https:\/\/cas-jura.ch\/wordpress\/wp-content\/uploads\/2023\/01\/image-5-768x780.png 768w\" sizes=\"auto, (max-width: 800px) 100vw, 800px\" \/><\/figure>\n\n\n\n<p>Une r\u00e8gle d\u2019or s\u2019applique pour consommer durablement: moins, c\u2019est mieux.\u202fAvant d\u2019acheter un article, nous vous conseillons de r\u00e9fl\u00e9chir aux points suivants:\u202f&nbsp;<\/p>\n\n\n\n<ul class=\"wp-block-list\">\n<li>En ai-je vraiment besoin?\u202f&nbsp;<\/li>\n\n\n\n<li>Est-ce qu\u2019il est possible de r\u00e9parer l\u2019ancien article?\u202f&nbsp;<\/li>\n\n\n\n<li>Est-ce possible d\u2019obtenir cet article en seconde main?&nbsp;<\/li>\n\n\n\n<li>Puis-je louer l\u2019article ou le partager avec quelqu\u2019un?&nbsp;<\/li>\n<\/ul>\n\n\n\n<p>Si vous souhaitez acheter un nouvel article, veillez \u00e0 ce qu\u2019il soit de production durable et socialement \u00e9quitable (labels), qu\u2019il ait une longue dur\u00e9e de vie et qu\u2019il soit multifonctionnel (p. ex. casque pour l\u2019escalade et le ski).\u202f&nbsp;Donnez une nouvelle vie \u00e0 votre ancien mat\u00e9riel (en le r\u00e9utilisant ou en le recyclant) ou \u00e9liminez-le de mani\u00e8re appropri\u00e9e.\u202f<\/p>\n\n\n\n<h4 class=\"wp-block-heading\">3. Voyagez \u00e9cologiquement<\/h4>\n\n\n\n<figure class=\"wp-block-image aligncenter size-full is-resized\"><img loading=\"lazy\" decoding=\"async\" width=\"800\" height=\"812\" src=\"https:\/\/cas-jura.ch\/wordpress\/wp-content\/uploads\/2023\/01\/image-6.png\" alt=\"\" class=\"wp-image-2952\" style=\"width:400px;height:406px\" srcset=\"https:\/\/cas-jura.ch\/wordpress\/wp-content\/uploads\/2023\/01\/image-6.png 800w, https:\/\/cas-jura.ch\/wordpress\/wp-content\/uploads\/2023\/01\/image-6-296x300.png 296w, https:\/\/cas-jura.ch\/wordpress\/wp-content\/uploads\/2023\/01\/image-6-768x780.png 768w\" sizes=\"auto, (max-width: 800px) 100vw, 800px\" \/><\/figure>\n\n\n\n<p>Utilisez si possible les&nbsp;<a href=\"https:\/\/www.sbb.ch\/fr\/acheter\/pages\/fahrplan\/fahrplan.xhtml\" target=\"_blank\" rel=\"noreferrer noopener\">transports publics<\/a>&nbsp;ou faites du covoiturage. Si le point de d\u00e9part de votre course n\u2019est pas accessible en transports publics (y c. avec le&nbsp;<a href=\"https:\/\/schneetourenbus.ch\/\" target=\"_blank\" rel=\"noreferrer noopener\">Bus des neiges<\/a>&nbsp;ou le&nbsp;<a href=\"https:\/\/busalpin.ch\/\" target=\"_blank\" rel=\"noreferrer noopener\">Bus alpin<\/a>), combinez des moyens de transport pour effectuer les derniers kilom\u00e8tres (v\u00e9lo et ski,&nbsp;<a href=\"http:\/\/www.mobility.ch\/\" target=\"_blank\" rel=\"noreferrer noopener\">Mobility<\/a>,&nbsp;<a href=\"http:\/\/alpentaxi.ch\/\" target=\"_blank\" rel=\"noreferrer noopener\">TaxiAlpin<\/a>).\u202f&nbsp;<\/p>\n\n\n\n<p>Respectez les interdictions de circuler et de parquer et \u00e9vitez le parking sauvage. Cela&nbsp;agace les agriculteurs et les propri\u00e9taires, et peut occasionner des dommages aux cultures.<\/p>\n\n\n\n<h4 class=\"wp-block-heading\">4. Tenez compte des zones de tranquillit\u00e9 et des sites de protection de la faune\u202f<\/h4>\n\n\n\n<figure class=\"wp-block-image aligncenter size-full is-resized\"><img loading=\"lazy\" decoding=\"async\" width=\"800\" height=\"851\" src=\"https:\/\/cas-jura.ch\/wordpress\/wp-content\/uploads\/2023\/01\/image-7.png\" alt=\"\" class=\"wp-image-2953\" style=\"width:400px;height:426px\" srcset=\"https:\/\/cas-jura.ch\/wordpress\/wp-content\/uploads\/2023\/01\/image-7.png 800w, https:\/\/cas-jura.ch\/wordpress\/wp-content\/uploads\/2023\/01\/image-7-282x300.png 282w, https:\/\/cas-jura.ch\/wordpress\/wp-content\/uploads\/2023\/01\/image-7-768x817.png 768w\" sizes=\"auto, (max-width: 800px) 100vw, 800px\" \/><\/figure>\n\n\n\n<p>Respectez les zones de tranquillit\u00e9 et les sites de protection de la faune. Ils offrent un refuge important aux animaux sauvages, qui y trouvent de la nourriture, des cachettes et du calme.<\/p>\n\n\n\n<h4 class=\"wp-block-heading\">5. Emportez vos d\u00e9chets\u202f<\/h4>\n\n\n\n<figure class=\"wp-block-image aligncenter size-full is-resized\"><img loading=\"lazy\" decoding=\"async\" width=\"800\" height=\"812\" src=\"https:\/\/cas-jura.ch\/wordpress\/wp-content\/uploads\/2023\/01\/image-8.png\" alt=\"\" class=\"wp-image-2954\" style=\"width:400px;height:406px\" srcset=\"https:\/\/cas-jura.ch\/wordpress\/wp-content\/uploads\/2023\/01\/image-8.png 800w, https:\/\/cas-jura.ch\/wordpress\/wp-content\/uploads\/2023\/01\/image-8-296x300.png 296w, https:\/\/cas-jura.ch\/wordpress\/wp-content\/uploads\/2023\/01\/image-8-768x780.png 768w\" sizes=\"auto, (max-width: 800px) 100vw, 800px\" \/><\/figure>\n\n\n\n<p>Ramenez vos d\u00e9chets en plaine. Veillez \u00e0 faire vos besoins assez loin des cours d\u2019eau; recouvrez vos excr\u00e9ments et le papier toilette. Pensez au fait que la neige fond au printemps (\u00e9vitez par exemple les environs directs des cabanes de montagne). Les mouchoirs ou les lingettes humides prennent beaucoup de temps \u00e0 se d\u00e9composer et ne sont donc pas appropri\u00e9s.<\/p>\n\n\n\n<h4 class=\"wp-block-heading\">6. \u00c9vitez les lisi\u00e8res de for\u00eats et les surfaces non enneig\u00e9es<\/h4>\n\n\n\n<figure class=\"wp-block-image aligncenter size-full is-resized\"><img loading=\"lazy\" decoding=\"async\" width=\"800\" height=\"851\" src=\"https:\/\/cas-jura.ch\/wordpress\/wp-content\/uploads\/2023\/01\/image-9.png\" alt=\"\" class=\"wp-image-2955\" style=\"width:400px;height:426px\" srcset=\"https:\/\/cas-jura.ch\/wordpress\/wp-content\/uploads\/2023\/01\/image-9.png 800w, https:\/\/cas-jura.ch\/wordpress\/wp-content\/uploads\/2023\/01\/image-9-282x300.png 282w, https:\/\/cas-jura.ch\/wordpress\/wp-content\/uploads\/2023\/01\/image-9-768x817.png 768w\" sizes=\"auto, (max-width: 800px) 100vw, 800px\" \/><\/figure>\n\n\n\n<p>Les cr\u00eates d\u00e9gag\u00e9es par le vent et les surfaces sans neige sont des endroits o\u00f9 les animaux trouvent de la nourriture. En hiver, les conditions de vie en for\u00eat et \u00e0 la limite sup\u00e9rieure des arbres sont favorables \u00e0 de nombreux animaux. Plus vous vous approchez de la for\u00eat depuis le haut, plus il faudrait r\u00e9duire l\u2019espace occup\u00e9 (principe de l\u2019entonnoir).<\/p>\n\n\n\n<h4 class=\"wp-block-heading\">7. En for\u00eat, restez sur les sentiers et suivez les itin\u00e9raires balis\u00e9s<\/h4>\n\n\n\n<figure class=\"wp-block-image aligncenter size-full is-resized\"><img loading=\"lazy\" decoding=\"async\" width=\"800\" height=\"851\" src=\"https:\/\/cas-jura.ch\/wordpress\/wp-content\/uploads\/2023\/01\/image-10.png\" alt=\"\" class=\"wp-image-2956\" style=\"width:400px;height:426px\" srcset=\"https:\/\/cas-jura.ch\/wordpress\/wp-content\/uploads\/2023\/01\/image-10.png 800w, https:\/\/cas-jura.ch\/wordpress\/wp-content\/uploads\/2023\/01\/image-10-282x300.png 282w, https:\/\/cas-jura.ch\/wordpress\/wp-content\/uploads\/2023\/01\/image-10-768x817.png 768w\" sizes=\"auto, (max-width: 800px) 100vw, 800px\" \/><\/figure>\n\n\n\n<p>Utilisez les sentiers et les itin\u00e9raires balis\u00e9s en for\u00eat, \u00e9vitez les lisi\u00e8res et contournez les buissons et bosquets. Si le&nbsp;<a rel=\"noreferrer noopener\" href=\"https:\/\/www.sac-cas.ch\/fileadmin\/Umwelt\/Freier_Zugang\/Grafiken\/CAS-Environnement-randonner-en-hiver.pdf\" target=\"_blank\">principe de l\u2019entonnoir<\/a>&nbsp;est respect\u00e9, les animaux peuvent s\u2019habituer aux \u00eatres humains. En outre, les descentes \u00e0 travers la for\u00eat d\u00e9rangent non seulement les animaux, mais les carres des skis peuvent aussi endommager les arbrisseaux.<\/p>\n\n\n\n<h4 class=\"wp-block-heading\">8. Tenez les chiens en laisse, en particulier en for\u00eat<\/h4>\n\n\n\n<figure class=\"wp-block-image aligncenter size-full is-resized\"><img loading=\"lazy\" decoding=\"async\" width=\"800\" height=\"851\" src=\"https:\/\/cas-jura.ch\/wordpress\/wp-content\/uploads\/2023\/01\/image-11.png\" alt=\"\" class=\"wp-image-2957\" style=\"width:400px;height:426px\" srcset=\"https:\/\/cas-jura.ch\/wordpress\/wp-content\/uploads\/2023\/01\/image-11.png 800w, https:\/\/cas-jura.ch\/wordpress\/wp-content\/uploads\/2023\/01\/image-11-282x300.png 282w, https:\/\/cas-jura.ch\/wordpress\/wp-content\/uploads\/2023\/01\/image-11-768x817.png 768w\" sizes=\"auto, (max-width: 800px) 100vw, 800px\" \/><\/figure>\n\n\n\n<p>Les animaux sauvages fuient en pr\u00e9sence de chiens en libert\u00e9, qui les prennent souvent en chasse. Cela occasionne beaucoup de stress pour la faune.\u202f<\/p>\n\n\n\n<h4 class=\"wp-block-heading\">9. Achetez local<\/h4>\n\n\n\n<figure class=\"wp-block-image aligncenter size-full is-resized\"><img loading=\"lazy\" decoding=\"async\" width=\"800\" height=\"812\" src=\"https:\/\/cas-jura.ch\/wordpress\/wp-content\/uploads\/2023\/01\/image-12.png\" alt=\"\" class=\"wp-image-2958\" style=\"width:400px;height:406px\" srcset=\"https:\/\/cas-jura.ch\/wordpress\/wp-content\/uploads\/2023\/01\/image-12.png 800w, https:\/\/cas-jura.ch\/wordpress\/wp-content\/uploads\/2023\/01\/image-12-296x300.png 296w, https:\/\/cas-jura.ch\/wordpress\/wp-content\/uploads\/2023\/01\/image-12-768x780.png 768w\" sizes=\"auto, (max-width: 800px) 100vw, 800px\" \/><\/figure>\n\n\n\n<p>Passez la nuit dans la r\u00e9gion et achetez des produits locaux afin de soutenir les r\u00e9gions de montagne et d\u2019am\u00e9liorer le bilan \u00e9cologique de votre course.<\/p>\n\n\n\n<hr class=\"wp-block-separator has-alpha-channel-opacity is-style-wide\"\/>\n\n\n\n<figure class=\"wp-block-image aligncenter size-full\"><img loading=\"lazy\" decoding=\"async\" width=\"729\" height=\"797\" src=\"https:\/\/cas-jura.ch\/wordpress\/wp-content\/uploads\/2023\/10\/Capture.png\" alt=\"\" class=\"wp-image-3277\" srcset=\"https:\/\/cas-jura.ch\/wordpress\/wp-content\/uploads\/2023\/10\/Capture.png 729w, https:\/\/cas-jura.ch\/wordpress\/wp-content\/uploads\/2023\/10\/Capture-274x300.png 274w\" sizes=\"auto, (max-width: 729px) 100vw, 729px\" \/><\/figure>\n\n\n\n<h2 class=\"wp-block-heading has-vivid-red-color has-text-color\">Journ\u00e9e Cleanup 2023<\/h2>\n\n\n\n<figure class=\"wp-block-image size-full is-resized\"><img loading=\"lazy\" decoding=\"async\" width=\"500\" height=\"353\" src=\"https:\/\/cas-jura.ch\/wordpress\/wp-content\/uploads\/2022\/12\/cup.png\" alt=\"\" class=\"wp-image-2523\" style=\"width:250px;height:177px\" srcset=\"https:\/\/cas-jura.ch\/wordpress\/wp-content\/uploads\/2022\/12\/cup.png 500w, https:\/\/cas-jura.ch\/wordpress\/wp-content\/uploads\/2022\/12\/cup-300x212.png 300w\" sizes=\"auto, (max-width: 500px) 100vw, 500px\" \/><\/figure>\n\n\n\n<p><strong>Notre section participera aussi !<\/strong><br><\/p>\n\n\n\n<p>Comme <a href=\"https:\/\/cas-jura.ch\/?p=2286\">l\u2019an dernier \u00e0 Calabri<\/a>, nous consacrerons la matin\u00e9e du 16 septembre 2023 au nettoyage d\u2019un site naturel de la r\u00e9gion.<\/p>\n\n\n\n<p>R\u00e9servez cette date et venez nombreuses et nombreux participer \u00e0 cette action utile et sympathique !<br>Si vous connaissez un site qui m\u00e9rite un coup de \u00ab poutze \u00bb n\u2019h\u00e9sitez pas \u00e0 nous le communiquer au moyen du <a rel=\"noreferrer noopener\" href=\"https:\/\/cas-jura.ch\/?page_id=34\" target=\"_blank\">formulaire de contact<\/a>. <\/p>\n\n\n\n<hr class=\"wp-block-separator has-alpha-channel-opacity\"\/>\n\n\n\n<h2 class=\"wp-block-heading has-vivid-red-color has-text-color\">Bus des neiges<\/h2>\n\n\n\n<p><strong>Le Bus des neiges te conduit en montagne de mani\u00e8re durable en transports publics<\/strong><\/p>\n\n\n\n<p>Cet hiver, le Bus des neiges circule sur <a href=\"https:\/\/sac-cas.us15.list-manage.com\/track\/click?u=3db741855bf588bbd24f7ed65&amp;id=953b02f4f2&amp;e=986311ceaf\" target=\"_blank\" rel=\"noreferrer noopener\">huit itin\u00e9raires<\/a> entre le col du Julier et le Val-de-Travers. Le service relie le dernier arr\u00eat de TP aux diff\u00e9rents points de d\u00e9part pour les excursions en montagne.<\/p>\n\n\n\n<p>Les bus circulent d\u00e9sormais sur (presque) tous les itin\u00e9raires \u00e0 partir d\u2019un minimum de deux passagers, ce qui donne aux amateurs et amatrices de sports de montagne une plus grande fiabilit\u00e9 pour la planification de leurs excursions. Toutes les informations sont disponibles sur <a href=\"https:\/\/sac-cas.us15.list-manage.com\/track\/click?u=3db741855bf588bbd24f7ed65&amp;id=9c5d4e94f0&amp;e=986311ceaf\" target=\"_blank\" rel=\"noreferrer noopener\">busdesneiges.ch<\/a> (horaires, prix, informations) et les voyages peuvent y \u00eatre r\u00e9serv\u00e9s directement.<\/p>\n\n\n\n<p>Apr\u00e8s trois saisons d&rsquo;exploitation pilote, le Club Alpin Suisse CAS reprend le service \u2013 en collaboration avec l\u2019ATE Association transports et environnement.<\/p>\n\n\n\n<p>Soutenez le bus des neiges et profitez de ses offres pour des excusions sportives respectueuses de l\u2019environnement.<\/p>\n\n\n\n<figure class=\"wp-block-image size-medium\"><img loading=\"lazy\" decoding=\"async\" width=\"300\" height=\"200\" src=\"https:\/\/cas-jura.ch\/wordpress\/wp-content\/uploads\/2021\/11\/1600-1067-max-300x200.jpg\" alt=\"\" class=\"wp-image-2005\" srcset=\"https:\/\/cas-jura.ch\/wordpress\/wp-content\/uploads\/2021\/11\/1600-1067-max-300x200.jpg 300w, https:\/\/cas-jura.ch\/wordpress\/wp-content\/uploads\/2021\/11\/1600-1067-max-1024x683.jpg 1024w, https:\/\/cas-jura.ch\/wordpress\/wp-content\/uploads\/2021\/11\/1600-1067-max-768x512.jpg 768w, https:\/\/cas-jura.ch\/wordpress\/wp-content\/uploads\/2021\/11\/1600-1067-max-1536x1024.jpg 1536w, https:\/\/cas-jura.ch\/wordpress\/wp-content\/uploads\/2021\/11\/1600-1067-max.jpg 1600w\" sizes=\"auto, (max-width: 300px) 100vw, 300px\" \/><\/figure>\n\n\n\n<hr class=\"wp-block-separator has-css-opacity is-style-wide\"\/>\n","protected":false},"excerpt":{"rendered":"<p>Strat\u00e9gie climatique du CAS Pratiquer des sports de neige en respectant la nature et l\u2019environnement Neuf conseils pour votre prochaine course La neige tant attendue &#8230;<\/p>\n","protected":false},"author":975901,"featured_media":0,"parent":0,"menu_order":0,"comment_status":"closed","ping_status":"closed","template":"","meta":{"footnotes":""},"class_list":["post-1767","page","type-page","status-publish","hentry"],"jetpack_sharing_enabled":true,"_links":{"self":[{"href":"https:\/\/cas-jura.ch\/index.php?rest_route=\/wp\/v2\/pages\/1767","targetHints":{"allow":["GET"]}}],"collection":[{"href":"https:\/\/cas-jura.ch\/index.php?rest_route=\/wp\/v2\/pages"}],"about":[{"href":"https:\/\/cas-jura.ch\/index.php?rest_route=\/wp\/v2\/types\/page"}],"author":[{"embeddable":true,"href":"https:\/\/cas-jura.ch\/index.php?rest_route=\/wp\/v2\/users\/975901"}],"replies":[{"embeddable":true,"href":"https:\/\/cas-jura.ch\/index.php?rest_route=%2Fwp%2Fv2%2Fcomments&post=1767"}],"version-history":[{"count":22,"href":"https:\/\/cas-jura.ch\/index.php?rest_route=\/wp\/v2\/pages\/1767\/revisions"}],"predecessor-version":[{"id":3278,"href":"https:\/\/cas-jura.ch\/index.php?rest_route=\/wp\/v2\/pages\/1767\/revisions\/3278"}],"wp:attachment":[{"href":"https:\/\/cas-jura.ch\/index.php?rest_route=%2Fwp%2Fv2%2Fmedia&parent=1767"}],"curies":[{"name":"wp","href":"https:\/\/api.w.org\/{rel}","templated":true}]}}