{"id":188,"date":"2019-03-10T14:45:47","date_gmt":"2019-03-10T13:45:47","guid":{"rendered":"https:\/\/cas-jura.ch\/wordpress\/?page_id=188"},"modified":"2023-11-14T21:03:21","modified_gmt":"2023-11-14T20:03:21","slug":"pratique","status":"publish","type":"page","link":"https:\/\/cas-jura.ch\/?page_id=188","title":{"rendered":"Pratique (pour cdc)"},"content":{"rendered":"\n<figure class=\"wp-block-table is-style-stripes\"><table class=\"has-fixed-layout\"><tbody><tr><td><a href=\"#prepcourse\">Pr\u00e9parer une course<\/a><\/td><td class=\"has-text-align-left\" data-align=\"left\"><a href=\"#cotdif\">Cotations difficult\u00e9s<\/a><\/td><td><a href=\"#secu\">S\u00e9curit\u00e9<\/a><br><\/td><\/tr><tr><td><a href=\"#regfor\">R\u00e8glement formation des chef.fe.s de course<\/a><\/td><td class=\"has-text-align-left\" data-align=\"left\"><a href=\"#biblio\">Biblioth\u00e8que<\/a> <\/td><td><a href=\"https:\/\/cas-jura.ch\/wordpress\/wp-admin\/edit.php?post_type=event\" data-type=\"link\" data-id=\"https:\/\/cas-jura.ch\/wordpress\/wp-admin\/edit.php?post_type=event\">Annonces de courses <\/a><\/td><\/tr><\/tbody><\/table><\/figure>\n\n\n\n<hr class=\"wp-block-separator has-css-opacity is-style-wide\"\/>\n\n\n\n<h4 class=\"wp-block-heading\" id=\"prepcourse\">Pr\u00e9parer une course<\/h4>\n\n\n\n<ul class=\"wp-block-list\">\n<li>Documents pour les chef.fe.s de courses : <a rel=\"noreferrer noopener\" href=\"https:\/\/drive.google.com\/file\/d\/12nnnUiyWC_PpL12r4aoaZECEMClo6S5r\/view?usp=sharing\" target=\"_blank\">annoncer une course<\/a> \/ <a href=\"https:\/\/drive.google.com\/file\/d\/1HyvWBkfxyouSTv9QYmnX44ios6gbnmdh\/view?usp=sharing\" target=\"_blank\" rel=\"noreferrer noopener\">rapport technique apr\u00e8s une course<\/a><\/li>\n\n\n\n<li>Pr\u00e9parer une course estivale :\n<ul class=\"wp-block-list\">\n<li><a href=\"https:\/\/cas-jura.ch\/wordpress\/wp-content\/uploads\/2019\/04\/Mat%C3%A9riel-HM-course-%C3%A9t%C3%A9.pdf\">mat\u00e9riel<\/a> pour une course en haute montagne<\/li>\n<\/ul>\n<\/li>\n\n\n\n<li>Pr\u00e9parer une course hivernale :\n<ul class=\"wp-block-list\">\n<li><a href=\"https:\/\/cas-jura.ch\/wordpress\/wp-content\/uploads\/2019\/04\/Mat\u00e9riel_Randonn\u00e9e_SKI.pdf\">mat\u00e9riel<\/a> pour une randonn\u00e9e \u00e0 skis<\/li>\n\n\n\n<li><a href=\"https:\/\/cas-jura.ch\/wordpress\/wp-content\/uploads\/2019\/04\/Mat\u00e9riel_Randonn\u00e9e_RAQUETTES.pdf\">mat\u00e9riel<\/a> pour une randonn\u00e9e en raquettes<\/li>\n<\/ul>\n<\/li>\n\n\n\n<li>Portails internet d&rsquo;escalade et de courses en montagne (source : <em>Les Alpes<\/em>, oct.2015)\n<ul class=\"wp-block-list\">\n<li><a href=\"http:\/\/www.camptocamp.org\">www.camptocamp.org<\/a><\/li>\n\n\n\n<li><a href=\"http:\/\/www.skitour.fr\">www.skitour.fr<\/a><\/li>\n\n\n\n<li><a href=\"http:\/\/www.hirk.org\">www.hikr.org<\/a><\/li>\n\n\n\n<li><a href=\"http:\/\/www.gulliver.it\">www.gulliver.it<\/a><\/li>\n\n\n\n<li><a href=\"http:\/\/www.summitpost.org\">www.summitpost.org<\/a><\/li>\n\n\n\n<li><a href=\"http:\/\/www.gipfelbuch.ch\">www.gipfelbuch.ch<\/a> (haute montagne et ski)<\/li>\n<\/ul>\n<\/li>\n\n\n\n<li>D\u00e9fraiement pour chef.fe.s de courses : <a rel=\"noreferrer noopener\" href=\"https:\/\/cas-jura.ch\/wordpress\/wp-content\/uploads\/2021\/10\/Defraiements-pour-CdC.doc\" target=\"_blank\">formulaire<\/a><\/li>\n<\/ul>\n\n\n\n<hr class=\"wp-block-separator has-css-opacity is-style-wide\"\/>\n\n\n\n<h4 class=\"wp-block-heading\" id=\"cotdif\">Cotations difficult\u00e9 (<a href=\"https:\/\/www.sac-cas.ch\/fr\/formation-et-connaissances\/planification-de-la-course\/echelles-de-difficulte\/\">source : sac-cas.ch<\/a>)<\/h4>\n\n\n\n<ul class=\"wp-block-list\">\n<li><a href=\"https:\/\/www.sac-cas.ch\/fileadmin\/Ausbildung_und_Wissen\/Tourenplanung\/Schwierigkeitsskala\/echelle-pour-courses-a-ski.pdf\">Cotation<\/a> courses \u00e0 ski<\/li>\n\n\n\n<li><a href=\"https:\/\/www.sac-cas.ch\/fileadmin\/Ausbildung_und_Wissen\/Tourenplanung\/Schwierigkeitsskala\/Echelle-CAS-cotation-courses-raquettes.pdf\">Cotation<\/a> courses raquettes<\/li>\n\n\n\n<li><a href=\"https:\/\/www.sac-cas.ch\/fileadmin\/Ausbildung_und_Wissen\/Tourenplanung\/Schwierigkeitsskala\/Cotations-CAS-haute-montagne.pdf\">Cotation<\/a> haute montagne<\/li>\n\n\n\n<li><a href=\"https:\/\/www.sac-cas.ch\/fileadmin\/Ausbildung_und_Wissen\/Tourenplanung\/Alpinmerkbl%C3%A4tter\/20230601_SAC-Wanderskala_F.pdf\">Cotation<\/a> randonn\u00e9es<\/li>\n\n\n\n<li><a href=\"https:\/\/www.sac-cas.ch\/fileadmin\/Ausbildung_und_Wissen\/Tourenplanung\/Schwierigkeitsskala\/Cotation-des-via-ferrata.pdf\">Cotation<\/a> via ferrata<\/li>\n\n\n\n<li><a href=\"https:\/\/www.sac-cas.ch\/fileadmin\/Ausbildung_und_Wissen\/Tourenplanung\/Schwierigkeitsskala\/Echelle-pour-l_%C3%A0tat-de-l%C3%A9quipement.pdf\">\u00c9chelle CAS<\/a> pour l&rsquo;\u00e9tat de l&rsquo;\u00e9quipement<\/li>\n\n\n\n<li><a href=\"https:\/\/www.sac-cas.ch\/fileadmin\/Ausbildung_und_Wissen\/Tourenplanung\/Schwierigkeitsskala\/Comparison-of-grades-systems-UIAA.pdf\">\u00c9chelle CAS <\/a>UIAA cotation escalade sportive<\/li>\n\n\n\n<li><a href=\"https:\/\/www.sac-cas.ch\/fileadmin\/Ausbildung_und_Wissen\/Tourenplanung\/Schwierigkeitsskala\/vue-densemble-des-%C3%A9chelles-de-difficult%C3%A9es-CAS.pdf\">Vue d&rsquo;ensemble<\/a> des \u00e9chelles de difficult\u00e9s du CAS<\/li>\n<\/ul>\n\n\n\n<hr class=\"wp-block-separator has-css-opacity is-style-wide\"\/>\n\n\n\n<h4 class=\"wp-block-heading\" id=\"secu\">S\u00e9curit\u00e9<\/h4>\n\n\n\n<ul class=\"wp-block-list\">\n<li>M\u00e9t\u00e9o\n<ul class=\"wp-block-list\">\n<li><a href=\"http:\/\/www.meteocentrale.ch\">meteocentrale.ch<\/a><\/li>\n\n\n\n<li><a href=\"http:\/\/www.meteoblue.com\">meteoblue.com<\/a><\/li>\n\n\n\n<li><a href=\"https:\/\/www.meteosuisse.admin.ch\/home.html?tab=overview\">meteosuisse.ch<\/a><\/li>\n<\/ul>\n<\/li>\n\n\n\n<li>Avalanches\n<ul class=\"wp-block-list\">\n<li><a href=\"https:\/\/www.slf.ch\/fr\/\" data-type=\"link\" data-id=\"https:\/\/www.slf.ch\/fr\/\">SLF.ch<\/a><\/li>\n<\/ul>\n<\/li>\n\n\n\n<li>Situations d&rsquo;urgence :\n<ul class=\"wp-block-list\">\n<li><a href=\"https:\/\/cas-jura.ch\/wordpress\/wp-content\/uploads\/2019\/04\/Sections_face_aux_situations_d_urgence.pdf\">\u00ab\u00a0Les sections face aux situations d&rsquo;urgence\u00a0\u00bb<\/a><\/li>\n\n\n\n<li><a href=\"https:\/\/cas-jura.ch\/wordpress\/wp-content\/uploads\/2019\/04\/Principes_de_l_aide_psychologique_apres_des_accidents.pdf\">\u00ab\u00a0Principes de l&rsquo;aide psychologique apr\u00e8s les accidents\u00a0\u00bb<\/a><\/li>\n\n\n\n<li><a href=\"https:\/\/cas-jura.ch\/wordpress\/wp-content\/uploads\/2019\/04\/Taches_d_un_etat-major_de_crise_apres_reception_d_une_declaration_d_accident.pdf\">\u00ab\u00a0T\u00e2ches d&rsquo;un \u00e9tat-major de crise apr\u00e8s r\u00e9ception d&rsquo;une d\u00e9claration d&rsquo;accident\u00a0\u00bb<\/a><\/li>\n\n\n\n<li><a href=\"https:\/\/cas-jura.ch\/wordpress\/wp-content\/uploads\/2019\/04\/Notice_Care_link.pdf\">\u00ab\u00a0Notice pour les personnes touch\u00e9es par des \u00e9v\u00e9nements graves et leurs proches\u00a0\u00bb<\/a><\/li>\n<\/ul>\n<\/li>\n<\/ul>\n\n\n\n<hr class=\"wp-block-separator has-css-opacity is-style-wide\"\/>\n\n\n\n<h4 class=\"wp-block-heading\" id=\"regfor\">R\u00e8glement formation des chef.fe.s de courses<\/h4>\n\n\n\n<p>\u00c0 discuter avec le\/la <a href=\"mailto:preposecourses@cas-jura.ch\">pr\u00e9pos\u00e9.e. aux courses<\/a>.<\/p>\n\n\n\n<hr class=\"wp-block-separator has-css-opacity is-style-wide\"\/>\n\n\n\n<h4 class=\"wp-block-heading\" id=\"biblio\">Biblioth\u00e8que<\/h4>\n\n\n\n<p>\u00c0 disposition des membres gratuitement (sauf \u00e9ventuels frais d\u2019envois) pour consultations et emprunts :<\/p>\n\n\n\n<ul class=\"wp-block-list\">\n<li>cartes topographiques suisses au 1 : 25\u2019000 <\/li>\n\n\n\n<li>cartes topographiques suisses au 1 : 50\u2019000<\/li>\n\n\n\n<li>cartes topographiques suisses au 1 : 100\u2019000<\/li>\n\n\n\n<li>cartes \u00ab La joie de marcher \u00bb<\/li>\n\n\n\n<li>cartes \u00ab 66 du Doubs \u00bb<\/li>\n\n\n\n<li>guides de randonn\u00e9es CAS<\/li>\n\n\n\n<li>mat\u00e9riel didactique \u00ab EnviroTool \u00bb du CAS<\/li>\n<\/ul>\n\n\n\n<p><\/p>\n\n\n\n<p>\u00c0 disposition \u00e0 la vente<\/p>\n\n\n\n<ul class=\"wp-block-list\">\n<li>cartes \u00ab La joie de marcher \u00bb \/ CHF 10.00 + frais d\u2019envoi<\/li>\n<\/ul>\n\n\n\n<p>Adressez vos demandes via le <a href=\"https:\/\/cas-jura.ch\/?page_id=34\" target=\"_blank\" rel=\"noreferrer noopener\">formulaire de contact<\/a><\/p>\n","protected":false},"excerpt":{"rendered":"<p>Pr\u00e9parer une course Cotations difficult\u00e9s S\u00e9curit\u00e9 R\u00e8glement formation des chef.fe.s de course Biblioth\u00e8que Annonces de courses Pr\u00e9parer une course Cotations difficult\u00e9 (source : sac-cas.ch) S\u00e9curit\u00e9 &#8230;<\/p>\n","protected":false},"author":975901,"featured_media":0,"parent":7,"menu_order":0,"comment_status":"closed","ping_status":"closed","template":"","meta":{"footnotes":""},"class_list":["post-188","page","type-page","status-publish","hentry"],"jetpack_sharing_enabled":true,"_links":{"self":[{"href":"https:\/\/cas-jura.ch\/index.php?rest_route=\/wp\/v2\/pages\/188","targetHints":{"allow":["GET"]}}],"collection":[{"href":"https:\/\/cas-jura.ch\/index.php?rest_route=\/wp\/v2\/pages"}],"about":[{"href":"https:\/\/cas-jura.ch\/index.php?rest_route=\/wp\/v2\/types\/page"}],"author":[{"embeddable":true,"href":"https:\/\/cas-jura.ch\/index.php?rest_route=\/wp\/v2\/users\/975901"}],"replies":[{"embeddable":true,"href":"https:\/\/cas-jura.ch\/index.php?rest_route=%2Fwp%2Fv2%2Fcomments&post=188"}],"version-history":[{"count":49,"href":"https:\/\/cas-jura.ch\/index.php?rest_route=\/wp\/v2\/pages\/188\/revisions"}],"predecessor-version":[{"id":3401,"href":"https:\/\/cas-jura.ch\/index.php?rest_route=\/wp\/v2\/pages\/188\/revisions\/3401"}],"up":[{"embeddable":true,"href":"https:\/\/cas-jura.ch\/index.php?rest_route=\/wp\/v2\/pages\/7"}],"wp:attachment":[{"href":"https:\/\/cas-jura.ch\/index.php?rest_route=%2Fwp%2Fv2%2Fmedia&parent=188"}],"curies":[{"name":"wp","href":"https:\/\/api.w.org\/{rel}","templated":true}]}}