{"id":2292,"date":"2022-10-23T15:25:24","date_gmt":"2022-10-23T13:25:24","guid":{"rendered":"https:\/\/cas-jura.ch\/?page_id=2292"},"modified":"2026-05-21T16:21:58","modified_gmt":"2026-05-21T14:21:58","slug":"cabane-tarifs-de-location","status":"publish","type":"page","link":"https:\/\/cas-jura.ch\/?page_id=2292","title":{"rendered":"Infos et Tarifs"},"content":{"rendered":"\n<p class=\"has-text-align-center has-large-font-size\"><strong>Cabane des Ordons<\/strong><\/p>\n\n\n\n<p class=\"has-text-align-center has-medium-font-size\"><strong>Tarifs des locations<\/strong><\/p>\n\n\n\n<p class=\"has-text-align-center\"><\/p>\n\n\n\n<p><\/p>\n\n\n\n<div class=\"wp-block-columns is-layout-flex wp-container-core-columns-is-layout-9d6595d7 wp-block-columns-is-layout-flex\">\n<div class=\"wp-block-column is-layout-flow wp-block-column-is-layout-flow\" style=\"flex-basis:100%\">\n<figure class=\"wp-block-table alignfull is-style-stripes\" style=\"margin-top:0;margin-right:0;margin-bottom:0;margin-left:0;padding-right:0;padding-left:0;font-size:16px\"><table class=\"has-black-color has-text-color\" style=\"border-style:none;border-width:0px\"><tbody><tr><td><\/td><td class=\"has-text-align-right\" data-align=\"right\"><strong><span style=\"text-decoration: underline;\">Tarif normal<\/span><\/strong><\/td><td>vendredi \u00e0 dimanche + vacances scolaires et jours f\u00e9ri\u00e9s Ju<\/td><\/tr><tr><td><\/td><td class=\"has-text-align-right\" data-align=\"right\">1 jours<\/td><td>CHF 200.- <\/td><\/tr><tr><td><\/td><td class=\"has-text-align-right\" data-align=\"right\">Par jours suppl\u00e9mentaire<\/td><td>CHF 100.- <\/td><\/tr><tr><td><\/td><td class=\"has-text-align-right\" data-align=\"right\">Taxe de base dortoirs, par dortoir<\/td><td>CHF 20.- <\/td><\/tr><tr><td><\/td><td class=\"has-text-align-right\" data-align=\"right\">Par nuit et par personne d\u00e8s 12 ans<\/td><td>CHF 12.- <\/td><\/tr><tr><td><\/td><td class=\"has-text-align-right\" data-align=\"right\">Par nuit et par personne de moins de 12 ans<\/td><td>Gratuit<\/td><\/tr><tr><td><\/td><td class=\"has-text-align-right\" data-align=\"right\"><strong><span style=\"text-decoration: underline;\">Tarif r\u00e9duit<\/span><\/strong><\/td><td>Lundi \u00e0 jeudi hors vacances scolaires et jours f\u00e9ri\u00e9s Ju<\/td><\/tr><tr><td><\/td><td class=\"has-text-align-right\" data-align=\"right\">1 jours<\/td><td>CHF 150.-<\/td><\/tr><tr><td><\/td><td class=\"has-text-align-right\" data-align=\"right\">Par jours suppl\u00e9mentaire<\/td><td>CHF 75.-<\/td><\/tr><tr><td><\/td><td class=\"has-text-align-right\" data-align=\"right\">Taxe de base dortoirs, par dortoir<\/td><td>CHF 20.-<\/td><\/tr><tr><td><\/td><td class=\"has-text-align-right\" data-align=\"right\">Par nuit et par personne d\u00e8s 12 ans<\/td><td>CHF 12.-<\/td><\/tr><tr><td><\/td><td class=\"has-text-align-right\" data-align=\"right\">Par nuit et par personne de moins de 12 ans<\/td><td>Gratuit<\/td><\/tr><tr><td><\/td><td class=\"has-text-align-right\" data-align=\"right\"><strong><span style=\"text-decoration: underline;\">Tarifs sp\u00e9ciaux<\/span><\/strong><\/td><td>Paiement \u00e0 la r\u00e9servation, pas de remboursement possible <\/td><\/tr><tr><td><\/td><td class=\"has-text-align-right\" data-align=\"right\">Saint-Martin (du vendredi au lundi de Saint-Martin)<\/td><td>CHF 600.-<\/td><\/tr><tr><td><\/td><td class=\"has-text-align-right\" data-align=\"right\">No\u00ebl (du 24 au 26 d\u00e9cembre)<\/td><td>CHF 600.-<\/td><\/tr><tr><td><\/td><td class=\"has-text-align-right\" data-align=\"right\">Nouvel an (du 31 d\u00e9cembre au 2 janvier)<\/td><td>CHF 600.-<\/td><\/tr><\/tbody><\/table><figcaption class=\"wp-element-caption\">Pour les tarifs sp\u00e9ciaux les nuit\u00e9es sont factur\u00e9es en sus au tarif normal<\/figcaption><\/figure>\n\n\n\n<p>En cas de question, vous pouvez t\u00e9l\u00e9phoner au +41 79 789 70 06 (Emilien Hertzeisen, pr\u00e9sident)<\/p>\n\n\n\n<p class=\"has-text-align-center\"><strong><span style=\"text-decoration: underline;\">Horaire de location<\/span><\/strong><\/p>\n\n\n\n<p class=\"has-text-align-center\">La cabane est \u00e0 disposition \u00e0 partir de 11h et doit \u00eatre rendu pour 9h le lendemain <\/p>\n\n\n\n<p><\/p>\n\n\n\n<p><strong><span style=\"text-decoration: underline;\">Camps jeunesse<\/span><\/strong><\/p>\n\n\n\n<p><a href=\"https:\/\/cas-jura.ch\/?page_id=34\">Nous contacter<\/a><\/p>\n\n\n\n<p><strong><span style=\"text-decoration: underline;\">Rabais membres<\/span><\/strong> <\/p>\n\n\n\n<p>Les membres de la section Jura du CAS b\u00e9n\u00e9ficient d&rsquo;un rabais de <strong>50%<\/strong> sur les locations<\/p>\n\n\n\n<p>Le rabais n&rsquo;est pas appliqu\u00e9 aux suppl\u00e9ments de dortoirs et aux nuit\u00e9es<\/p>\n\n\n\n<p>La location de la cabane par des membres pour des tiers n&rsquo;est pas autoris\u00e9e<\/p>\n\n\n\n<p>Le CAS central ne finance pas notre cabane. D\u00e8s lors, seuls les membres de notre section b\u00e9n\u00e9ficient de tarifs avantageux<\/p>\n\n\n\n<p><strong><span style=\"text-decoration: underline;\">Annulation de r\u00e9servation<\/span><\/strong><\/p>\n\n\n\n<p>Moins de <strong>30<\/strong> jours avant la date du premier jour de r\u00e9servation 50% du montant des taxes de base sera factur\u00e9<\/p>\n\n\n\n<p>Moins de <strong>8<\/strong> jours avant la date du premier jour de r\u00e9servation 100% du montant des taxes de base sera factur\u00e9<\/p>\n<\/div>\n<\/div>\n\n\n\n<p class=\"has-text-align-center\">Tarifs appliqu\u00e9s pour tous les contrats conclus apr\u00e8s le 01.01.2024<\/p>\n","protected":false},"excerpt":{"rendered":"<p>Cabane des Ordons Tarifs des locations Tarif normal vendredi \u00e0 dimanche + vacances scolaires et jours f\u00e9ri\u00e9s Ju 1 jours CHF 200.- Par jours suppl\u00e9mentaire &#8230;<\/p>\n","protected":false},"author":975901,"featured_media":0,"parent":18,"menu_order":2,"comment_status":"closed","ping_status":"closed","template":"templates\/template-no-title.php","meta":{"footnotes":""},"class_list":["post-2292","page","type-page","status-publish","hentry"],"jetpack_sharing_enabled":true,"_links":{"self":[{"href":"https:\/\/cas-jura.ch\/index.php?rest_route=\/wp\/v2\/pages\/2292","targetHints":{"allow":["GET"]}}],"collection":[{"href":"https:\/\/cas-jura.ch\/index.php?rest_route=\/wp\/v2\/pages"}],"about":[{"href":"https:\/\/cas-jura.ch\/index.php?rest_route=\/wp\/v2\/types\/page"}],"author":[{"embeddable":true,"href":"https:\/\/cas-jura.ch\/index.php?rest_route=\/wp\/v2\/users\/975901"}],"replies":[{"embeddable":true,"href":"https:\/\/cas-jura.ch\/index.php?rest_route=%2Fwp%2Fv2%2Fcomments&post=2292"}],"version-history":[{"count":14,"href":"https:\/\/cas-jura.ch\/index.php?rest_route=\/wp\/v2\/pages\/2292\/revisions"}],"predecessor-version":[{"id":5414,"href":"https:\/\/cas-jura.ch\/index.php?rest_route=\/wp\/v2\/pages\/2292\/revisions\/5414"}],"up":[{"embeddable":true,"href":"https:\/\/cas-jura.ch\/index.php?rest_route=\/wp\/v2\/pages\/18"}],"wp:attachment":[{"href":"https:\/\/cas-jura.ch\/index.php?rest_route=%2Fwp%2Fv2%2Fmedia&parent=2292"}],"curies":[{"name":"wp","href":"https:\/\/api.w.org\/{rel}","templated":true}]}}