{"id":2297,"date":"2022-10-23T15:31:44","date_gmt":"2022-10-23T13:31:44","guid":{"rendered":"https:\/\/cas-jura.ch\/?page_id=2297"},"modified":"2023-03-30T06:12:31","modified_gmt":"2023-03-30T04:12:31","slug":"cabane-situation-et-description","status":"publish","type":"page","link":"https:\/\/cas-jura.ch\/?page_id=2297","title":{"rendered":"Situation et description"},"content":{"rendered":"\n<figure class=\"wp-block-image size-large\"><img loading=\"lazy\" decoding=\"async\" width=\"1024\" height=\"490\" src=\"https:\/\/cas-jura.ch\/wordpress\/wp-content\/uploads\/2023\/03\/Capture-decran-du-2023-03-30-06-10-51-1024x490.png\" alt=\"\" class=\"wp-image-3043\" srcset=\"https:\/\/cas-jura.ch\/wordpress\/wp-content\/uploads\/2023\/03\/Capture-decran-du-2023-03-30-06-10-51-1024x490.png 1024w, https:\/\/cas-jura.ch\/wordpress\/wp-content\/uploads\/2023\/03\/Capture-decran-du-2023-03-30-06-10-51-300x144.png 300w, https:\/\/cas-jura.ch\/wordpress\/wp-content\/uploads\/2023\/03\/Capture-decran-du-2023-03-30-06-10-51-768x368.png 768w, https:\/\/cas-jura.ch\/wordpress\/wp-content\/uploads\/2023\/03\/Capture-decran-du-2023-03-30-06-10-51.png 1520w\" sizes=\"auto, (max-width: 1024px) 100vw, 1024px\" \/><\/figure>\n\n\n\n<ul class=\"wp-block-list\">\n<li><strong>Situation :<\/strong> Col des Rangiers, alt. 910 m. (5 minutes de marche depuis le restaurant des Rangiers. (GPS : 47\u00b023\u201910.0\u2019\u2019N &#8211; 7\u00b013\u201921.6\u2019\u2019E)<\/li>\n\n\n\n<li><strong>Parking :<\/strong> quelques places de parc au niveau du restaurant des Rangiers (c\u00f4t\u00e9 Nord, entre le restaurant et la ferme). Possibilit\u00e9 d\u2019acc\u00e9der avec un v\u00e9hicule pour les livraisons ou les personnes \u00e0 mobilit\u00e9 r\u00e9duite.<\/li>\n\n\n\n<li><strong>B\u00e2timent<\/strong> :\n<ul class=\"wp-block-list\">\n<li>cuisine \u00e9quip\u00e9e : cuisini\u00e8re \u00e9lectrique avec four, frigidaire, lave-vaisselle, vaisselle, casseroles, ustensiles de cuisine, caquelons \u00e0 fondue avec r\u00e9chauds, machine \u00e0 caf\u00e9 (filtre ou Nespresso), linges de cuisine.<\/li>\n\n\n\n<li>salle de s\u00e9jour : 35 places<\/li>\n\n\n\n<li>dortoirs : 1 dortoir de 6 places et 1 dortoir de 12 places en lits superpos\u00e9s avec duvets nordiques (quelques matelas suppl\u00e9mentaires sur demande).<\/li>\n\n\n\n<li>Chauffage au bois (bois \u00e0 disposition)<\/li>\n<\/ul>\n<\/li>\n\n\n\n<li><strong>Sanitaires : <\/strong>WC, lavabos, une douche<\/li>\n\n\n\n<li><strong>Cantine :<\/strong> boissons \u00e0 disposition en vente libre-service (sodas, bi\u00e8res et vins)<\/li>\n\n\n\n<li><strong>Ext\u00e9rieurs : <\/strong>chemin\u00e9e avec grille de cuisson, tables de pique-nique<\/li>\n<\/ul>\n","protected":false},"excerpt":{"rendered":"","protected":false},"author":975901,"featured_media":0,"parent":18,"menu_order":1,"comment_status":"closed","ping_status":"closed","template":"","meta":{"footnotes":""},"class_list":["post-2297","page","type-page","status-publish","hentry"],"jetpack_sharing_enabled":true,"_links":{"self":[{"href":"https:\/\/cas-jura.ch\/index.php?rest_route=\/wp\/v2\/pages\/2297","targetHints":{"allow":["GET"]}}],"collection":[{"href":"https:\/\/cas-jura.ch\/index.php?rest_route=\/wp\/v2\/pages"}],"about":[{"href":"https:\/\/cas-jura.ch\/index.php?rest_route=\/wp\/v2\/types\/page"}],"author":[{"embeddable":true,"href":"https:\/\/cas-jura.ch\/index.php?rest_route=\/wp\/v2\/users\/975901"}],"replies":[{"embeddable":true,"href":"https:\/\/cas-jura.ch\/index.php?rest_route=%2Fwp%2Fv2%2Fcomments&post=2297"}],"version-history":[{"count":5,"href":"https:\/\/cas-jura.ch\/index.php?rest_route=\/wp\/v2\/pages\/2297\/revisions"}],"predecessor-version":[{"id":3044,"href":"https:\/\/cas-jura.ch\/index.php?rest_route=\/wp\/v2\/pages\/2297\/revisions\/3044"}],"up":[{"embeddable":true,"href":"https:\/\/cas-jura.ch\/index.php?rest_route=\/wp\/v2\/pages\/18"}],"wp:attachment":[{"href":"https:\/\/cas-jura.ch\/index.php?rest_route=%2Fwp%2Fv2%2Fmedia&parent=2297"}],"curies":[{"name":"wp","href":"https:\/\/api.w.org\/{rel}","templated":true}]}}