{"id":2301,"date":"2022-10-23T15:43:50","date_gmt":"2022-10-23T13:43:50","guid":{"rendered":"https:\/\/cas-jura.ch\/?page_id=2301"},"modified":"2022-10-30T11:40:17","modified_gmt":"2022-10-30T10:40:17","slug":"cabane-randonnees","status":"publish","type":"page","link":"https:\/\/cas-jura.ch\/?page_id=2301","title":{"rendered":"Randonn\u00e9es autour de la cabane"},"content":{"rendered":"\n<p>Voici cinq propositions de parcours qui vous emm\u00e8neront \u00e0 la cabane du Club Alpin section Jura. Tous partent d&rsquo;un arr\u00eat des transports publics ; ils empruntent les chemins de randonn\u00e9e p\u00e9destre balis\u00e9s.<\/p>\n\n\n\n<hr class=\"wp-block-separator has-alpha-channel-opacity\"\/>\n\n\n\n<figure class=\"wp-block-image alignleft size-full is-resized\"><img decoding=\"async\" src=\"https:\/\/cas-jura.ch\/wordpress\/wp-content\/uploads\/2022\/10\/rando1-1.jpg\" alt=\"\" class=\"wp-image-2359\" width=\"350\"\/><\/figure>\n\n\n\n<h2 class=\"has-medium-font-size wp-block-heading\"><strong>De Del\u00e9mont \u00e0 la cabane des Ordons<\/strong><\/h2>\n\n\n\n<p><mark style=\"background-color:rgba(0, 0, 0, 0)\" class=\"has-inline-color has-vivid-red-color\">14,4 Km | 4h25<\/mark><br>Joli parcours qui d\u00e9marre \u00e0 la gare de Del\u00e9mont et qui vous emm\u00e8ne dans la campagne de la vall\u00e9e de Del\u00e9mont, en passant par le <a rel=\"noreferrer noopener\" href=\"https:\/\/restaurantchateaudomont.ch\/\" target=\"_blank\">ch\u00e2teau du Domont<\/a>. Sur un joli sentier forestier, vous cheminez en direction de l&rsquo;\u00e9tang des Lavoirs, S\u00e9prais puis le col des Rangiers.<\/p>\n\n\n\n<p class=\"has-text-align-right\">Parcours et descriptif \u00e0 venir ici&#8230;<\/p>\n\n\n\n<hr class=\"wp-block-separator has-alpha-channel-opacity\"\/>\n\n\n\n<figure class=\"wp-block-image alignleft size-full is-resized\"><img decoding=\"async\" src=\"https:\/\/cas-jura.ch\/wordpress\/wp-content\/uploads\/2022\/10\/rando2.jpg\" alt=\"\" class=\"wp-image-2361\" width=\"350\"\/><\/figure>\n\n\n\n<h2 class=\"has-medium-font-size wp-block-heading\"><strong>De St-Ursanne \u00e0 la cabane des Ordons<\/strong><\/h2>\n\n\n\n<p><mark style=\"background-color:rgba(0, 0, 0, 0)\" class=\"has-inline-color has-vivid-red-color\">6,1 Km | 2h15<\/mark><br>Au d\u00e9part de la gare de St-Ursanne, cette randonn\u00e9e est la balade id\u00e9ale en famille : elle vous emm\u00e8ne dans une petite combe jusqu\u2019\u00e0 <a rel=\"noreferrer noopener\" href=\"https:\/\/www.lacaquerelle.com\/\" target=\"_blank\">la Caquerelle<\/a>, o\u00f9 vous pouvez faire une pause \u00ab\u00a0rafra\u00eechissement\u00a0\u00bb. La derni\u00e8re partie se d\u00e9roule sur un chemin facile jusqu\u2019\u00e0 la cabane.<\/p>\n\n\n\n<p class=\"has-text-align-right\"><em>Parcours et descriptif \u00e0 venir ici&#8230;<\/em><\/p>\n\n\n\n<hr class=\"wp-block-separator has-alpha-channel-opacity\"\/>\n\n\n\n<figure class=\"wp-block-image alignleft size-full is-resized\"><img decoding=\"async\" src=\"https:\/\/cas-jura.ch\/wordpress\/wp-content\/uploads\/2022\/10\/rando3-1.jpg\" alt=\"\" class=\"wp-image-2366\" width=\"350\"\/><\/figure>\n\n\n\n<h2 class=\"has-medium-font-size wp-block-heading\"><strong>De Lucelle \u00e0 la cabane des Ordons<\/strong><\/h2>\n\n\n\n<p><mark style=\"background-color:rgba(0, 0, 0, 0)\" class=\"has-inline-color has-vivid-red-color\">7,3 Km | 2h35<\/mark><br>Magnifique randonn\u00e9e au d\u00e9part des \u00e9tangs de Lucelle. Le sentier vous emm\u00e8ne sur la cr\u00eate des grandes Roches que vous suivez jusqu&rsquo;au point de vue. De l\u00e0, un splendide panorama s&rsquo;offre \u00e0 vous sur les communes de la Baroche et  l&rsquo;Ajoie. Vous continuez ensuite direction l&rsquo;antenne des Ordons et de sa cabane.<\/p>\n\n\n\n<p class=\"has-text-align-right\"><em>Parcours et descriptif \u00e0 venir ici&#8230;<\/em><\/p>\n\n\n\n<hr class=\"wp-block-separator has-alpha-channel-opacity\"\/>\n\n\n\n<figure class=\"wp-block-image alignleft size-full is-resized\"><img decoding=\"async\" src=\"https:\/\/cas-jura.ch\/wordpress\/wp-content\/uploads\/2022\/10\/rando4.jpg\" alt=\"\" class=\"wp-image-2369\" width=\"350\" srcset=\"https:\/\/cas-jura.ch\/wordpress\/wp-content\/uploads\/2022\/10\/rando4.jpg 342w, https:\/\/cas-jura.ch\/wordpress\/wp-content\/uploads\/2022\/10\/rando4-300x198.jpg 300w\" sizes=\"(max-width: 342px) 100vw, 342px\" \/><\/figure>\n\n\n\n<h2 class=\"has-medium-font-size wp-block-heading\"><strong>De Bassecourt \u00e0 la cabane des Ordons<\/strong><\/h2>\n\n\n\n<p><mark style=\"background-color:rgba(0, 0, 0, 0)\" class=\"has-inline-color has-vivid-red-color\">8,3 Km | 2h30<\/mark><br>Agr\u00e9able randonn\u00e9e familiale qui d\u00e9bute par le chemin longeant le ruisseau \u00ab\u00a0Rouge Eau\u00a0\u00bb et vous emm\u00e8ne aux \u00e9tangs des Lavoirs; d\u00e9couvrez alors la faune et la flore de ce superbe point d&rsquo;eau ! La randonn\u00e9e se poursuit jusqu&rsquo;\u00e0 S\u00e9prais et le col des Rangiers par un joli sentier entre p\u00e2turages et for\u00eats.<\/p>\n\n\n\n<p class=\"has-text-align-right\"><em>Parcours et descriptif \u00e0 venir ici&#8230;<\/em><\/p>\n\n\n\n<hr class=\"wp-block-separator has-alpha-channel-opacity\"\/>\n\n\n\n<figure class=\"wp-block-image alignleft size-full is-resized\"><img decoding=\"async\" src=\"https:\/\/cas-jura.ch\/wordpress\/wp-content\/uploads\/2022\/10\/rando5.jpg\" alt=\"\" class=\"wp-image-2371\" width=\"350\" srcset=\"https:\/\/cas-jura.ch\/wordpress\/wp-content\/uploads\/2022\/10\/rando5.jpg 341w, https:\/\/cas-jura.ch\/wordpress\/wp-content\/uploads\/2022\/10\/rando5-300x202.jpg 300w\" sizes=\"(max-width: 341px) 100vw, 341px\" \/><\/figure>\n\n\n\n<h2 class=\"has-medium-font-size wp-block-heading\"><strong>De Courgenay \u00e0 la cabane des Ordons<\/strong><\/h2>\n\n\n\n<p><mark style=\"background-color:rgba(0, 0, 0, 0)\" class=\"has-inline-color has-vivid-red-color\">14,2 Km | 5h40<\/mark><br>Randonn\u00e9e exigeante qui d\u00e9bute calmement par la plaine de  Courgenay en direction de la chapelle St-Gilles. De l\u00e0, vous commencez l&rsquo;ascension en direction du Mont Terri. Apr\u00e8s la descente c\u00f4t\u00e9 sud, vous attaquez la seconde mont\u00e9e qui vous emm\u00e8ne jusqu&rsquo;au sommet du col des Rangiers, en passant par la place G\u00e9n\u00e9ral Guisan et sa vue magnifique sur l&rsquo;Ajoie et ses villages.<\/p>\n\n\n\n<p class=\"has-text-align-right\"><em>Parcours et descriptif \u00e0 venir ici&#8230;<\/em><\/p>\n","protected":false},"excerpt":{"rendered":"<p>Voici cinq propositions de parcours qui vous emm\u00e8neront \u00e0 la cabane du Club Alpin section Jura. Tous partent d&rsquo;un arr\u00eat des transports publics ; ils &#8230;<\/p>\n","protected":false},"author":975901,"featured_media":0,"parent":18,"menu_order":5,"comment_status":"closed","ping_status":"closed","template":"","meta":{"footnotes":""},"class_list":["post-2301","page","type-page","status-publish","hentry"],"jetpack_sharing_enabled":true,"_links":{"self":[{"href":"https:\/\/cas-jura.ch\/index.php?rest_route=\/wp\/v2\/pages\/2301","targetHints":{"allow":["GET"]}}],"collection":[{"href":"https:\/\/cas-jura.ch\/index.php?rest_route=\/wp\/v2\/pages"}],"about":[{"href":"https:\/\/cas-jura.ch\/index.php?rest_route=\/wp\/v2\/types\/page"}],"author":[{"embeddable":true,"href":"https:\/\/cas-jura.ch\/index.php?rest_route=\/wp\/v2\/users\/975901"}],"replies":[{"embeddable":true,"href":"https:\/\/cas-jura.ch\/index.php?rest_route=%2Fwp%2Fv2%2Fcomments&post=2301"}],"version-history":[{"count":15,"href":"https:\/\/cas-jura.ch\/index.php?rest_route=\/wp\/v2\/pages\/2301\/revisions"}],"predecessor-version":[{"id":2378,"href":"https:\/\/cas-jura.ch\/index.php?rest_route=\/wp\/v2\/pages\/2301\/revisions\/2378"}],"up":[{"embeddable":true,"href":"https:\/\/cas-jura.ch\/index.php?rest_route=\/wp\/v2\/pages\/18"}],"wp:attachment":[{"href":"https:\/\/cas-jura.ch\/index.php?rest_route=%2Fwp%2Fv2%2Fmedia&parent=2301"}],"curies":[{"name":"wp","href":"https:\/\/api.w.org\/{rel}","templated":true}]}}