{"id":2567,"date":"2023-01-05T13:54:04","date_gmt":"2023-01-05T12:54:04","guid":{"rendered":"https:\/\/cas-jura.ch\/?page_id=2567"},"modified":"2024-05-07T08:57:06","modified_gmt":"2024-05-07T06:57:06","slug":"faux-denson","status":"publish","type":"page","link":"https:\/\/cas-jura.ch\/?page_id=2567","title":{"rendered":"Bienvenue \u00e0 la Faux d&rsquo;Enson"},"content":{"rendered":"\n<div class=\"wp-block-columns is-layout-flex wp-container-core-columns-is-layout-9d6595d7 wp-block-columns-is-layout-flex\">\n<div class=\"wp-block-column is-layout-flow wp-block-column-is-layout-flow\" style=\"padding-right:0;padding-left:0\">\n<p class=\"has-medium-font-size\"><strong>&#8211; <a href=\"https:\/\/cas-jura.ch\/?page_id=2569\">Situation<\/a><\/strong><\/p>\n<\/div>\n\n\n\n<div class=\"wp-block-column is-layout-flow wp-block-column-is-layout-flow\" style=\"padding-right:0;padding-left:0;flex-basis:350px\">\n<p class=\"has-text-align-center has-medium-font-size\" style=\"margin-top:var(--wp--preset--spacing--40);margin-right:0px;margin-bottom:var(--wp--preset--spacing--40);margin-left:0px\">&#8211;<strong> <a href=\"https:\/\/meteoschweiz.roundshot.com\/rochedor\/\" target=\"_blank\" rel=\"noreferrer noopener\">Webcam<\/a> (M\u00e9t\u00e9o Suisse)<\/strong><\/p>\n<\/div>\n\n\n\n<div class=\"wp-block-column is-layout-flow wp-block-column-is-layout-flow\" style=\"padding-right:0;padding-left:0\">\n<p class=\"has-text-align-right has-medium-font-size\" style=\"margin-right:0;margin-left:0\"><strong>&#8211; <a href=\"https:\/\/cas-jura.ch\/?page_id=2575\">Histoire<\/a><\/strong><\/p>\n<\/div>\n<\/div>\n\n\n\n<figure class=\"wp-block-image alignwide size-large\"><img loading=\"lazy\" decoding=\"async\" width=\"1024\" height=\"682\" src=\"https:\/\/cas-jura.ch\/wordpress\/wp-content\/uploads\/2023\/01\/image-1-1024x682.png\" alt=\"\" class=\"wp-image-2571\" srcset=\"https:\/\/cas-jura.ch\/wordpress\/wp-content\/uploads\/2023\/01\/image-1-1024x682.png 1024w, https:\/\/cas-jura.ch\/wordpress\/wp-content\/uploads\/2023\/01\/image-1-300x200.png 300w, https:\/\/cas-jura.ch\/wordpress\/wp-content\/uploads\/2023\/01\/image-1-768x511.png 768w, https:\/\/cas-jura.ch\/wordpress\/wp-content\/uploads\/2023\/01\/image-1.png 1208w\" sizes=\"auto, (max-width: 1024px) 100vw, 1024px\" \/><\/figure>\n\n\n\n<div style=\"height:25px\" aria-hidden=\"true\" class=\"wp-block-spacer\"><\/div>\n\n\n\n<p class=\"has-medium-font-size\"><strong>26 Summits 2023<\/strong><\/p>\n\n\n\n<div class=\"wp-block-media-text has-media-on-the-right is-stacked-on-mobile\"><div class=\"wp-block-media-text__content\">\n<p>Cette ann\u00e9e, dans le cadre de la campagne <a href=\"https:\/\/26summits.ch\/fr\/\" target=\"_blank\" rel=\"noreferrer noopener\">26 Summits<\/a>, le <em>Blick<\/em> et <em>Ochsner Sport<\/em> ont choisi la Faux d&rsquo;Enson comme objectif pour le Canton du Jura. Une magnifique occasion pour le CAS Jura, propri\u00e9taire de la tour, de mettre en \u00e9vidence ce site exceptionnel !<\/p>\n<\/div><figure class=\"wp-block-media-text__media\"><img decoding=\"async\" src=\"https:\/\/fauxdenson.cas-jura.ch\/wp-content\/uploads\/2023\/04\/Capture-decran-du-2023-04-27-19-24-55.png\" alt=\"\" class=\"wp-image-2721 size-full\"\/><\/figure><\/div>\n\n\n\n<h3 class=\"wp-block-heading has-white-color has-vivid-red-background-color has-text-color has-background\" style=\"padding-top:var(--wp--preset--spacing--20);padding-right:var(--wp--preset--spacing--20);padding-bottom:var(--wp--preset--spacing--20);padding-left:var(--wp--preset--spacing--20)\">Restauration, h\u00e9bergement et activit\u00e9s \u00e0 proximit\u00e9 de la Faux d&rsquo;Enson<\/h3>\n\n\n\n<div class=\"wp-block-columns is-layout-flex wp-container-core-columns-is-layout-9d6595d7 wp-block-columns-is-layout-flex\">\n<div class=\"wp-block-column is-layout-flow wp-block-column-is-layout-flow\">\n<h5 class=\"wp-block-heading\">Pour manger :<\/h5>\n\n\n\n<ul class=\"wp-block-list\">\n<li><a rel=\"noreferrer noopener\" href=\"https:\/\/www.restaurant-la-poste-damvant.ch\/\" target=\"_blank\">Restaurant de la Poste<\/a>, Damvant<\/li>\n\n\n\n<li><a href=\"https:\/\/camping-restaurant-les-grottes.ch\/\" target=\"_blank\" rel=\"noreferrer noopener\">Restaurant des Grottes<\/a>, R\u00e9cl\u00e8re<\/li>\n\n\n\n<li><a rel=\"noreferrer noopener\" href=\"https:\/\/www.roche-dor.ch\/\" target=\"_blank\">Auberge Bellevue<\/a>, Roche d\u2019Or<\/li>\n<\/ul>\n<\/div>\n\n\n\n<div class=\"wp-block-column is-layout-flow wp-block-column-is-layout-flow\">\n<h5 class=\"wp-block-heading\">Pour dormir :<\/h5>\n\n\n\n<ul class=\"wp-block-list\">\n<li><a rel=\"noreferrer noopener\" href=\"https:\/\/camping-restaurant-les-grottes.ch\/\" target=\"_blank\">Camping et H\u00f4tel des Grottes<\/a>, R\u00e9cl\u00e8re<\/li>\n\n\n\n<li><a rel=\"noreferrer noopener\" href=\"https:\/\/www.roche-dor.ch\/\" target=\"_blank\">Chambres d\u2019h\u00f4tes l\u2019Oiseli\u00e8re<\/a>, Roche d\u2019Or<\/li>\n<\/ul>\n<\/div>\n<\/div>\n\n\n\n<div class=\"wp-block-columns is-layout-flex wp-container-core-columns-is-layout-9d6595d7 wp-block-columns-is-layout-flex\">\n<div class=\"wp-block-column is-layout-flow wp-block-column-is-layout-flow\">\n<h5 class=\"wp-block-heading\">Pour d\u00e9couvrir et s&rsquo;amuser :<\/h5>\n\n\n\n<ul class=\"wp-block-list\">\n<li><a rel=\"noreferrer noopener\" href=\"https:\/\/prehisto.ch\/index.php\/fr\/\" target=\"_blank\">Pr\u00e9histo-Parc et Grottes<\/a>, R\u00e9cl\u00e8re<\/li>\n<\/ul>\n<\/div>\n\n\n\n<div class=\"wp-block-column is-layout-flow wp-block-column-is-layout-flow\">\n<h5 class=\"wp-block-heading\">Pour s&rsquo;informer :<\/h5>\n\n\n\n<ul class=\"wp-block-list\">\n<li><a rel=\"noreferrer noopener\" href=\"https:\/\/www.j3l.ch\/fr\/Z10489\/jura-tourisme\" target=\"_blank\">Jura Tourisme<\/a><\/li>\n\n\n\n<li><a rel=\"noreferrer noopener\" href=\"https:\/\/hauteajoie.ch\/\" target=\"_blank\">Commune de Haute-Ajoie<\/a><\/li>\n<\/ul>\n<\/div>\n<\/div>\n","protected":false},"excerpt":{"rendered":"<p>&#8211; Situation &#8211; Webcam (M\u00e9t\u00e9o Suisse) &#8211; Histoire 26 Summits 2023 Cette ann\u00e9e, dans le cadre de la campagne 26 Summits, le Blick et Ochsner &#8230;<\/p>\n","protected":false},"author":975901,"featured_media":0,"parent":0,"menu_order":0,"comment_status":"closed","ping_status":"closed","template":"","meta":{"footnotes":""},"class_list":["post-2567","page","type-page","status-publish","hentry"],"jetpack_sharing_enabled":true,"_links":{"self":[{"href":"https:\/\/cas-jura.ch\/index.php?rest_route=\/wp\/v2\/pages\/2567","targetHints":{"allow":["GET"]}}],"collection":[{"href":"https:\/\/cas-jura.ch\/index.php?rest_route=\/wp\/v2\/pages"}],"about":[{"href":"https:\/\/cas-jura.ch\/index.php?rest_route=\/wp\/v2\/types\/page"}],"author":[{"embeddable":true,"href":"https:\/\/cas-jura.ch\/index.php?rest_route=\/wp\/v2\/users\/975901"}],"replies":[{"embeddable":true,"href":"https:\/\/cas-jura.ch\/index.php?rest_route=%2Fwp%2Fv2%2Fcomments&post=2567"}],"version-history":[{"count":11,"href":"https:\/\/cas-jura.ch\/index.php?rest_route=\/wp\/v2\/pages\/2567\/revisions"}],"predecessor-version":[{"id":3802,"href":"https:\/\/cas-jura.ch\/index.php?rest_route=\/wp\/v2\/pages\/2567\/revisions\/3802"}],"wp:attachment":[{"href":"https:\/\/cas-jura.ch\/index.php?rest_route=%2Fwp%2Fv2%2Fmedia&parent=2567"}],"curies":[{"name":"wp","href":"https:\/\/api.w.org\/{rel}","templated":true}]}}